{"id":2,"date":"2026-02-18T16:56:41","date_gmt":"2026-02-18T16:56:41","guid":{"rendered":"http:\/\/aelys-digital.fr\/?page_id=2"},"modified":"2026-02-22T20:29:47","modified_gmt":"2026-02-22T20:29:47","slug":"sample-page","status":"publish","type":"page","link":"https:\/\/aelys-digital.fr\/index.php\/sample-page\/","title":{"rendered":"Politique de confidentialit\u00e9"},"content":{"rendered":"\n<h2 class=\"wp-block-heading has-text-align-center has-accent-1-color has-text-color has-link-color wp-elements-56f53ca142d91377254d61cc51813ff5\">Politique de confidentialit\u00e9 \u2014 Aelys\u2011Digital<\/h2>\n\n\n\n<div class=\"wp-block-group is-vertical is-layout-flex wp-container-core-group-is-layout-fe9cc265 wp-block-group-is-layout-flex\">\n<h3 class=\"wp-block-heading\" style=\"font-size:clamp(1.039rem, 1.039rem + ((1vw - 0.2rem) * 1.02), 1.6rem);text-decoration:underline\">1. Responsable du traitement<\/h3>\n\n\n\n<p>Aelys\u2011Digital<br>Christelle\u00a0ROZAN<br>Micro\u2011entreprise<br>Email : contact@aelys-digital.fr<br>SIRET : [Ton num\u00e9ro SIRET]<\/p>\n<\/div>\n\n\n\n<div class=\"wp-block-group is-vertical is-layout-flex wp-container-core-group-is-layout-fe9cc265 wp-block-group-is-layout-flex\">\n<h3 class=\"wp-block-heading\" style=\"font-size:clamp(1.039rem, 1.039rem + ((1vw - 0.2rem) * 1.02), 1.6rem);text-decoration:underline\">2. Donn\u00e9es collect\u00e9es<\/h3>\n\n\n\n<p style=\"margin-top:0;margin-bottom:0;padding-right:0;padding-left:0;line-height:1.5\">Aelys\u2011Digital peut collecter les donn\u00e9es suivantes :<\/p>\n\n\n\n<ul class=\"wp-block-list\">\n<li>Nom et pr\u00e9nom<\/li>\n\n\n\n<li>Adresse email<\/li>\n\n\n\n<li>Num\u00e9ro de t\u00e9l\u00e9phone<\/li>\n\n\n\n<li>Informations transmises via le formulaire de contact<\/li>\n\n\n\n<li>Donn\u00e9es li\u00e9es \u00e0 la prise de rendez\u2011vous (ex : Calendly)<\/li>\n\n\n\n<li>Donn\u00e9es techniques (adresse IP, navigateur, pages consult\u00e9es)<\/li>\n<\/ul>\n\n\n\n<p style=\"margin-top:0;margin-bottom:0;padding-right:0;padding-left:0;line-height:1.5\"><br>Aelys\u2011Digital ne collecte que les donn\u00e9es strictement n\u00e9cessaires \u00e0 la prise de contact et \u00e0 la gestion des demandes.<\/p>\n<\/div>\n\n\n\n<div class=\"wp-block-group is-vertical is-layout-flex wp-container-core-group-is-layout-fe9cc265 wp-block-group-is-layout-flex\">\n<h3 class=\"wp-block-heading\" style=\"font-size:clamp(1.039rem, 1.039rem + ((1vw - 0.2rem) * 1.02), 1.6rem);text-decoration:underline\">3. Finalit\u00e9s de la collecte<\/h3>\n\n\n\n<p>Les donn\u00e9es sont utilis\u00e9es pour :<\/p>\n\n\n\n<ul class=\"wp-block-list\">\n<li>r\u00e9pondre aux demandes envoy\u00e9es via le formulaire<\/li>\n\n\n\n<li>g\u00e9rer les prises de rendez\u2011vous<\/li>\n\n\n\n<li>\u00e9tablir des devis ou propositions commerciales<\/li>\n\n\n\n<li>assurer le suivi des clients<\/li>\n\n\n\n<li>am\u00e9liorer le site et l\u2019exp\u00e9rience utilisateur<\/li>\n\n\n\n<li>am\u00e9liorer le site et l\u2019exp\u00e9rience utilisateur<\/li>\n\n\n\n<li>respecter les obligations l\u00e9gales<\/li>\n<\/ul>\n\n\n\n<p>Aelys\u2011Digital ne revend pas les donn\u00e9es et ne les utilise jamais \u00e0 des fins non pr\u00e9vues.<\/p>\n\n\n\n<h3 class=\"wp-block-heading\" style=\"font-size:clamp(1.039rem, 1.039rem + ((1vw - 0.2rem) * 1.02), 1.6rem);text-decoration:underline\">4. Base l\u00e9gale<\/h3>\n\n\n\n<p>Le traitement des donn\u00e9es repose sur :<\/p>\n\n\n\n<ul class=\"wp-block-list\">\n<li>le consentement (formulaire, prise de rendez\u2011vous)<\/li>\n\n\n\n<li>l\u2019int\u00e9r\u00eat l\u00e9gitime (gestion de l\u2019activit\u00e9)<\/li>\n\n\n\n<li>l\u2019obligation l\u00e9gale (facturation, comptabilit\u00e9)<\/li>\n<\/ul>\n\n\n\n<h3 class=\"wp-block-heading\" style=\"font-size:clamp(1.039rem, 1.039rem + ((1vw - 0.2rem) * 1.02), 1.6rem);text-decoration:underline\">5. Destinataires des donn\u00e9es<\/h3>\n\n\n\n<p>Les donn\u00e9es peuvent \u00eatre transmises uniquement \u00e0 :<\/p>\n\n\n\n<ul class=\"wp-block-list\">\n<li>l\u2019h\u00e9bergeur du site<\/li>\n\n\n\n<li>les outils utilis\u00e9s pour la prise de rendez\u2011vous (ex : Calendly)<\/li>\n\n\n\n<li>les outils de statistiques (ex : Google Analytics, si activ\u00e9)<\/li>\n<\/ul>\n\n\n\n<p>Aelys\u2011Digital ne partage jamais les donn\u00e9es avec des tiers non autoris\u00e9s.<\/p>\n<\/div>\n\n\n\n<div class=\"wp-block-group is-vertical is-layout-flex wp-container-core-group-is-layout-fe9cc265 wp-block-group-is-layout-flex\">\n<h3 class=\"wp-block-heading\" style=\"font-size:clamp(1.039rem, 1.039rem + ((1vw - 0.2rem) * 1.02), 1.6rem);text-decoration:underline\">6. Dur\u00e9e de conservation<\/h3>\n\n\n\n<p>Les donn\u00e9es sont conserv\u00e9es :<\/p>\n\n\n\n<ul class=\"wp-block-list\">\n<li>3 ans pour les contacts sans suite<\/li>\n\n\n\n<li>10 ans pour les documents comptables (obligation l\u00e9gale)<\/li>\n\n\n\n<li>le temps n\u00e9cessaire pour assurer le suivi des clients<\/li>\n<\/ul>\n<\/div>\n\n\n\n<div class=\"wp-block-group is-vertical is-layout-flex wp-container-core-group-is-layout-fe9cc265 wp-block-group-is-layout-flex\">\n<h3 class=\"wp-block-heading\" style=\"font-size:clamp(1.039rem, 1.039rem + ((1vw - 0.2rem) * 1.02), 1.6rem);text-decoration:underline\">7. Cookies et statistiques<\/h3>\n\n\n\n<p>Le site peut utiliser des cookies pour :<\/p>\n\n\n\n<ul class=\"wp-block-list\">\n<li>assurer son bon fonctionnement<\/li>\n\n\n\n<li>mesurer l\u2019audience<\/li>\n\n\n\n<li>am\u00e9liorer l\u2019exp\u00e9rience utilisateur<\/li>\n<\/ul>\n\n\n\n<p>Lors de votre premi\u00e8re visite, un bandeau vous permet d\u2019accepter ou refuser les cookies non essentiels.<\/p>\n<\/div>\n\n\n\n<div class=\"wp-block-group is-vertical is-layout-flex wp-container-core-group-is-layout-fe9cc265 wp-block-group-is-layout-flex\">\n<h3 class=\"wp-block-heading\" style=\"font-size:clamp(1.039rem, 1.039rem + ((1vw - 0.2rem) * 1.02), 1.6rem);text-decoration:underline\">8. Vos droits<\/h3>\n\n\n\n<p>Conform\u00e9ment au RGPD, vous disposez des droits suivants :<\/p>\n\n\n\n<ul class=\"wp-block-list\">\n<li>droit d\u2019acc\u00e8s<\/li>\n\n\n\n<li>droit de rectification<\/li>\n\n\n\n<li>droit d\u2019opposition<\/li>\n\n\n\n<li>droit \u00e0 l\u2019effacement<\/li>\n\n\n\n<li>droit \u00e0 la limitation du traitement<\/li>\n\n\n\n<li>droit \u00e0 la portabilit\u00e9<\/li>\n<\/ul>\n\n\n\n<p>Pour exercer vos droits :<br>\ud83d\udce7 <a href=\"mailto:contact@aelys-digital.fr\">contact@aelys-digital.fr<\/a><br>Aelys\u2011Digital s\u2019engage \u00e0 r\u00e9pondre sous 30 jours.<\/p>\n<\/div>\n\n\n\n<div class=\"wp-block-group is-vertical is-layout-flex wp-container-core-group-is-layout-fe9cc265 wp-block-group-is-layout-flex\">\n<h3 class=\"wp-block-heading\" style=\"font-size:clamp(1.039rem, 1.039rem + ((1vw - 0.2rem) * 1.02), 1.6rem);text-decoration:underline\">9. S\u00e9curit\u00e9 des donn\u00e9es<\/h3>\n\n\n\n<p>Aelys\u2011Digital met en \u0153uvre toutes les mesures n\u00e9cessaires pour prot\u00e9ger les donn\u00e9es personnelles :<\/p>\n\n\n\n<ul class=\"wp-block-list\">\n<li>acc\u00e8s s\u00e9curis\u00e9<\/li>\n\n\n\n<li>h\u00e9bergement en France ou en Europe<\/li>\n\n\n\n<li>outils conformes au RGPD<\/li>\n<\/ul>\n\n\n\n<p>limitation des acc\u00e8s aux seules personnes autoris\u00e9es<\/p>\n<\/div>\n\n\n\n<div class=\"wp-block-group is-vertical is-layout-flex wp-container-core-group-is-layout-fe9cc265 wp-block-group-is-layout-flex\">\n<h3 class=\"wp-block-heading\" style=\"font-size:clamp(1.039rem, 1.039rem + ((1vw - 0.2rem) * 1.02), 1.6rem);text-decoration:underline\">10. Contact<\/h3>\n\n\n\n<p>Pour toute question concernant cette politique :<br>\ud83d\udce7<a href=\"mailto:contact@aloys-digital.fr4\"> contact@aelys-digital.fr<\/a><\/p>\n<\/div>\n","protected":false},"excerpt":{"rendered":"<p>Politique de confidentialit\u00e9 \u2014 Aelys\u2011Digital 1. Responsable du traitement Aelys\u2011DigitalChristelle\u00a0ROZANMicro\u2011entrepriseEmail : contact@aelys-digital.frSIRET : [Ton num\u00e9ro SIRET] 2. Donn\u00e9es collect\u00e9es Aelys\u2011Digital peut collecter les donn\u00e9es suivantes : Aelys\u2011Digital ne collecte que les donn\u00e9es strictement n\u00e9cessaires \u00e0 la prise de contact et \u00e0 la gestion des demandes. 3. Finalit\u00e9s de la collecte Les donn\u00e9es sont utilis\u00e9es pour [&hellip;]<\/p>\n","protected":false},"author":1,"featured_media":0,"parent":0,"menu_order":0,"comment_status":"closed","ping_status":"open","template":"","meta":{"footnotes":""},"class_list":["post-2","page","type-page","status-publish","hentry"],"_links":{"self":[{"href":"https:\/\/aelys-digital.fr\/index.php\/wp-json\/wp\/v2\/pages\/2","targetHints":{"allow":["GET"]}}],"collection":[{"href":"https:\/\/aelys-digital.fr\/index.php\/wp-json\/wp\/v2\/pages"}],"about":[{"href":"https:\/\/aelys-digital.fr\/index.php\/wp-json\/wp\/v2\/types\/page"}],"author":[{"embeddable":true,"href":"https:\/\/aelys-digital.fr\/index.php\/wp-json\/wp\/v2\/users\/1"}],"replies":[{"embeddable":true,"href":"https:\/\/aelys-digital.fr\/index.php\/wp-json\/wp\/v2\/comments?post=2"}],"version-history":[{"count":2,"href":"https:\/\/aelys-digital.fr\/index.php\/wp-json\/wp\/v2\/pages\/2\/revisions"}],"predecessor-version":[{"id":527,"href":"https:\/\/aelys-digital.fr\/index.php\/wp-json\/wp\/v2\/pages\/2\/revisions\/527"}],"wp:attachment":[{"href":"https:\/\/aelys-digital.fr\/index.php\/wp-json\/wp\/v2\/media?parent=2"}],"curies":[{"name":"wp","href":"https:\/\/api.w.org\/{rel}","templated":true}]}}