{"id":6,"date":"2026-02-19T09:22:42","date_gmt":"2026-02-19T09:22:42","guid":{"rendered":"https:\/\/aelys-digital.fr\/?page_id=6"},"modified":"2026-04-06T20:06:43","modified_gmt":"2026-04-06T20:06:43","slug":"home","status":"publish","type":"page","link":"https:\/\/aelys-digital.fr\/","title":{"rendered":"Home"},"content":{"rendered":"\n<h2 class=\"wp-block-heading has-text-align-center has-accent-1-color has-text-color has-link-color wp-elements-b37e44d7b8f51d6ce57135e1a1fc4379\" id=\"pr\u00e9sentation\" style=\"padding-top:var(--wp--preset--spacing--30);padding-bottom:0\">Qui suis-je ?<\/h2>\n\n\n\n<div id=\"pr\u00e9sentation\" class=\"wp-block-group presentation-pc has-global-padding is-layout-constrained wp-container-core-group-is-layout-e1727a1e wp-block-group-is-layout-constrained\" style=\"padding-top:0px;padding-right:0;padding-bottom:0px;padding-left:0\">\n<div class=\"wp-block-columns is-layout-flex wp-container-core-columns-is-layout-a85f4655 wp-block-columns-is-layout-flex\">\n<div class=\"wp-block-column is-vertically-aligned-center has-global-padding is-layout-constrained wp-container-core-column-is-layout-12252d44 wp-block-column-is-layout-constrained\" style=\"padding-top:0;padding-right:0;padding-bottom:0;padding-left:0;flex-basis:200px\">\n<figure class=\"wp-block-image alignfull size-full has-custom-border is-style-default\" style=\"margin-top:0;margin-right:0;margin-bottom:0;margin-left:0\"><img loading=\"lazy\" decoding=\"async\" width=\"1024\" height=\"1024\" src=\"https:\/\/aelys-digital.fr\/wp-content\/uploads\/2026\/02\/a-propos-site.png\" alt=\"\" class=\"has-border-color wp-image-243\" style=\"border-color:#3a7ca5;border-width:4px;border-top-left-radius:20px;border-top-right-radius:20px;border-bottom-left-radius:20px;border-bottom-right-radius:20px\" srcset=\"https:\/\/aelys-digital.fr\/wp-content\/uploads\/2026\/02\/a-propos-site.png 1024w, https:\/\/aelys-digital.fr\/wp-content\/uploads\/2026\/02\/a-propos-site-300x300.png 300w, https:\/\/aelys-digital.fr\/wp-content\/uploads\/2026\/02\/a-propos-site-150x150.png 150w, https:\/\/aelys-digital.fr\/wp-content\/uploads\/2026\/02\/a-propos-site-768x768.png 768w\" sizes=\"auto, (max-width: 1024px) 100vw, 1024px\" \/><\/figure>\n<\/div>\n\n\n\n<div class=\"wp-block-column is-layout-flow wp-block-column-is-layout-flow\">\n<p class=\"has-border-color has-accent-5-background-color has-background\" style=\"border-color:#3a7ca5;border-width:4px;border-top-left-radius:30px;border-top-right-radius:30px;border-bottom-left-radius:30px;border-bottom-right-radius:30px\">Je m\u2019appelle Christelle, fondatrice d\u2019Aelys\u2011Digital.<br>Avant d\u2019accompagner les artisans et petits entrepreneurs, j\u2019ai \u00e9t\u00e9 professeure des \u00e9coles, un m\u00e9tier o\u00f9 l\u2019organisation et la gestion du temps sont essentielles.<br>Cette exp\u00e9rience m\u2019a appris \u00e0 structurer, anticiper et garder une vision claire, m\u00eame quand tout s\u2019acc\u00e9l\u00e8re.<br>Aujourd\u2019hui, j\u2019utilise ces comp\u00e9tences pour vous aider \u00e0 reprendre le contr\u00f4le de votre administratif et retrouver un quotidien plus simple et plus serein.<\/p>\n<\/div>\n<\/div>\n<\/div>\n\n\n\n<div id=\"pr\u00e9sentation\" class=\"wp-block-group presentation-mobile has-global-padding is-layout-constrained wp-container-core-group-is-layout-e1727a1e wp-block-group-is-layout-constrained\" style=\"padding-top:0px;padding-right:0;padding-bottom:0px;padding-left:0\">\n<figure class=\"wp-block-image alignfull size-thumbnail has-custom-border is-style-default\" style=\"margin-top:0;margin-right:0;margin-bottom:var(--wp--preset--spacing--20);margin-left:0\"><img loading=\"lazy\" decoding=\"async\" width=\"150\" height=\"150\" src=\"https:\/\/aelys-digital.fr\/wp-content\/uploads\/2026\/02\/a-propos-site-150x150.png\" alt=\"\" class=\"has-border-color wp-image-243\" style=\"border-color:#3a7ca5;border-width:4px;border-top-left-radius:20px;border-top-right-radius:20px;border-bottom-left-radius:20px;border-bottom-right-radius:20px\" srcset=\"https:\/\/aelys-digital.fr\/wp-content\/uploads\/2026\/02\/a-propos-site-150x150.png 150w, https:\/\/aelys-digital.fr\/wp-content\/uploads\/2026\/02\/a-propos-site-300x300.png 300w, https:\/\/aelys-digital.fr\/wp-content\/uploads\/2026\/02\/a-propos-site-768x768.png 768w, https:\/\/aelys-digital.fr\/wp-content\/uploads\/2026\/02\/a-propos-site.png 1024w\" sizes=\"auto, (max-width: 150px) 100vw, 150px\" \/><\/figure>\n\n\n\n<p class=\"has-border-color has-accent-5-background-color has-background\" style=\"border-color:#3a7ca5;border-width:4px;border-top-left-radius:30px;border-top-right-radius:30px;border-bottom-left-radius:30px;border-bottom-right-radius:30px\">Je m\u2019appelle Christelle, fondatrice d\u2019Aelys\u2011Digital.<br>Avant d\u2019accompagner les artisans et petits entrepreneurs, j\u2019ai \u00e9t\u00e9 professeure des \u00e9coles, un m\u00e9tier o\u00f9 l\u2019organisation et la gestion du temps sont essentielles.<br>Cette exp\u00e9rience m\u2019a appris \u00e0 structurer, anticiper et garder une vision claire, m\u00eame quand tout s\u2019acc\u00e9l\u00e8re.<br>Aujourd\u2019hui, j\u2019utilise ces comp\u00e9tences pour vous aider \u00e0 reprendre le contr\u00f4le de votre administratif et retrouver un quotidien plus simple et plus serein.<\/p>\n<\/div>\n\n\n\n<div id=\"services\" class=\"wp-block-group domaines-mobile has-global-padding is-layout-constrained wp-container-core-group-is-layout-8b056348 wp-block-group-is-layout-constrained\" style=\"border-top-left-radius:0px;border-top-right-radius:0px;border-bottom-left-radius:0px;border-bottom-right-radius:0px;margin-top:var(--wp--preset--spacing--50);margin-bottom:0;padding-top:0;padding-right:0;padding-bottom:0;padding-left:0\">\n<h2 class=\"wp-block-heading has-text-align-center has-accent-1-color has-text-color has-link-color wp-elements-6ca85e36b40bff54f8bb457454cc84df\" id=\"domaines\" style=\"padding-top:var(--wp--preset--spacing--60);padding-right:0;padding-bottom:var(--wp--preset--spacing--20)\">Mes domaines d&rsquo;intervention<\/h2>\n\n\n\n<p class=\"has-text-align-center is-style-text-subtitle has-contrast-color has-text-color has-link-color wp-elements-49e877a1ba661b49ebc41fc08d4ec45d is-style-text-subtitle--1\" style=\"padding-top:0;padding-bottom:var(--wp--preset--spacing--40);font-size:clamp(0.875rem, 0.875rem + ((1vw - 0.2rem) * 0.227), 1rem);\">J\u2019accompagne les artisans et petites entreprises dans la gestion administrative, commerciale et RH, pour leur permettre de se concentrer sur leur c\u0153ur de m\u00e9tier.<\/p>\n\n\n\n<div class=\"wp-block-group services-rangee is-nowrap is-layout-flex wp-container-core-group-is-layout-877c468d wp-block-group-is-layout-flex\" style=\"min-height:95px\">\n<div class=\"wp-block-group carte-service has-border-color has-accent-5-background-color has-background has-global-padding is-layout-constrained wp-container-core-group-is-layout-c385debf wp-block-group-is-layout-constrained\" style=\"border-color:#3a7ca5;border-width:4px;border-top-left-radius:30px;border-top-right-radius:30px;border-bottom-left-radius:30px;border-bottom-right-radius:30px;min-height:100%;padding-top:var(--wp--preset--spacing--20);padding-right:var(--wp--preset--spacing--20);padding-bottom:var(--wp--preset--spacing--20);padding-left:var(--wp--preset--spacing--20);box-shadow:var(--wp--preset--shadow--shadow-1)\">\n<h3 class=\"wp-block-heading has-text-align-center titre-service\" style=\"padding-top:0\">Gestion Administrative <br>&amp; Organisation<\/h3>\n\n\n\n<ul class=\"wp-block-list is-style-checkmark-list\">\n<li>Gestion des e\u2011mails \/ agendas<\/li>\n\n\n\n<li>Organisation num\u00e9rique des documents, fichiers<\/li>\n\n\n\n<li>R\u00e9daction et relecture de courriers, mails, rapports<\/li>\n\n\n\n<li>Pr\u00e9paration des documents comptables<\/li>\n\n\n\n<li>Organisation num\u00e9rique (tri, rangement, workflows)<\/li>\n<\/ul>\n<\/div>\n\n\n\n<div class=\"wp-block-group carte-service has-border-color has-accent-5-background-color has-background has-global-padding is-content-justification-left is-layout-constrained wp-container-core-group-is-layout-e9c5ba62 wp-block-group-is-layout-constrained\" style=\"border-color:#3a7ca5;border-width:4px;border-top-left-radius:30px;border-top-right-radius:30px;border-bottom-left-radius:30px;border-bottom-right-radius:30px;min-height:100%;margin-top:0;margin-bottom:0;padding-top:var(--wp--preset--spacing--20);padding-right:var(--wp--preset--spacing--20);padding-bottom:var(--wp--preset--spacing--20);padding-left:var(--wp--preset--spacing--20);box-shadow:var(--wp--preset--shadow--shadow-1)\">\n<h3 class=\"wp-block-heading alignfull has-text-align-center titre-service\" style=\"padding-top:0;padding-bottom:0\"><strong>Gestion    Commerciale<\/strong><\/h3>\n\n\n\n<ul class=\"wp-block-list is-style-checkmark-list\">\n<li>Mise en place d\u2019une base de donn\u00e9es clients<\/li>\n\n\n\n<li>Offres commerciales, signatures \u00e9lectroniques<\/li>\n\n\n\n<li>Cr\u00e9ation et suivi des devis<\/li>\n\n\n\n<li>Facturation \u00e9lectronique<\/li>\n\n\n\n<li>Relances clients <\/li>\n\n\n\n<li>Suivi des commandes<\/li>\n<\/ul>\n<\/div>\n\n\n\n<div class=\"wp-block-group carte-service has-border-color has-accent-5-background-color has-background has-global-padding is-layout-constrained wp-container-core-group-is-layout-1131737d wp-block-group-is-layout-constrained\" style=\"border-color:#3a7ca5;border-width:4px;border-top-left-radius:30px;border-top-right-radius:30px;border-bottom-left-radius:30px;border-bottom-right-radius:30px;min-height:100%;margin-top:0;margin-bottom:0;padding-top:var(--wp--preset--spacing--20);padding-right:var(--wp--preset--spacing--20);padding-bottom:var(--wp--preset--spacing--20);padding-left:var(--wp--preset--spacing--20);box-shadow:var(--wp--preset--shadow--shadow-1)\">\n<h3 class=\"wp-block-heading has-text-align-center titre-service\" style=\"padding-top:0;padding-bottom:0\"><strong>Gestion des ressources humaines<\/strong><\/h3>\n\n\n\n<ul class=\"wp-block-list is-style-checkmark-list\">\n<li>Aide au recrutement<\/li>\n\n\n\n<li>Accueil \/ d\u00e9part des employ\u00e9s<\/li>\n\n\n\n<li>Suivi des heures \/ absences \/cong\u00e9s<\/li>\n\n\n\n<li>Pr\u00e9paration des \u00e9l\u00e9ments de paie pour le comptable<\/li>\n\n\n\n<li>Gestion de la mutuelle, visites m\u00e9dicales, formations<\/li>\n\n\n\n<li>Protection des donn\u00e9es sensibles<\/li>\n<\/ul>\n<\/div>\n<\/div>\n<\/div>\n\n\n\n<div class=\"wp-block-group has-global-padding is-layout-constrained wp-block-group-is-layout-constrained\">\n<div id=\"m\u00e9thode\" class=\"wp-block-group has-global-padding is-layout-constrained wp-container-core-group-is-layout-dfb11602 wp-block-group-is-layout-constrained\" style=\"padding-top:var(--wp--preset--spacing--40)\">\n<h2 class=\"wp-block-heading has-text-align-center has-accent-1-color has-text-color has-link-color wp-elements-7716aa071ca980f3d916bcc3a6a868e4\" style=\"padding-top:var(--wp--preset--spacing--40);padding-right:0;padding-bottom:var(--wp--preset--spacing--20)\">Ma m\u00e9thode d&rsquo;accompagnement<\/h2>\n\n\n\n<p class=\"has-text-align-center has-contrast-color has-text-color has-link-color wp-elements-8b6567fe77a9a7b3051517cf443bd8cd\" style=\"padding-top:0;padding-right:0;padding-bottom:var(--wp--preset--spacing--30);padding-left:0;font-size:clamp(0.875rem, 0.875rem + ((1vw - 0.2rem) * 0.227), 1rem);\">Une collaboration simple, claire et structur\u00e9e en trois \u00e9tapes<\/p>\n\n\n\n<div class=\"wp-block-group timeline has-global-padding is-layout-constrained wp-block-group-is-layout-constrained\">\n<div class=\"wp-block-group timeline-step has-global-padding is-layout-constrained wp-container-core-group-is-layout-be04af43 wp-block-group-is-layout-constrained\" style=\"margin-top:0;margin-bottom:0\">\n<div class=\"wp-block-group is-nowrap is-layout-flex wp-container-core-group-is-layout-6c531013 wp-block-group-is-layout-flex\">\n<div class=\"wp-block-group timeline-number has-global-padding is-layout-constrained wp-block-group-is-layout-constrained\" style=\"margin-top:0;margin-bottom:0\">\n<p>1<\/p>\n<\/div>\n\n\n\n<h3 class=\"wp-block-heading has-text-align-center\">Premier contact<\/h3>\n<\/div>\n\n\n\n<div class=\"wp-block-group timeline-content has-global-padding is-layout-constrained wp-container-core-group-is-layout-42e73890 wp-block-group-is-layout-constrained\" style=\"margin-top:0;margin-bottom:0;padding-top:0;padding-right:0;padding-left:0\">\n<p>Je me pr\u00e9sente, j\u2019explique mon activit\u00e9 et la mani\u00e8re dont je peux vous aider \u00e0 all\u00e9ger votre charge administrative, structurer votre organisation et gagner en s\u00e9r\u00e9nit\u00e9.<\/p>\n<\/div>\n<\/div>\n\n\n\n<div class=\"wp-block-group timeline-step has-global-padding is-layout-constrained wp-block-group-is-layout-constrained\">\n<div class=\"wp-block-group is-nowrap is-layout-flex wp-container-core-group-is-layout-6c531013 wp-block-group-is-layout-flex\">\n<div class=\"wp-block-group timeline-number has-global-padding is-layout-constrained wp-block-group-is-layout-constrained\" style=\"margin-top:0;margin-bottom:0\">\n<p>2<\/p>\n<\/div>\n\n\n\n<h3 class=\"wp-block-heading has-text-align-center\" style=\"padding-top:0\">Rendez\u2011vous diagnostic<\/h3>\n<\/div>\n\n\n\n<div class=\"wp-block-group timeline-content has-global-padding is-layout-constrained wp-block-group-is-layout-constrained\" style=\"padding-top:0\">\n<p>Nous analysons ensemble votre fonctionnement, vos besoins, vos priorit\u00e9s et vos contraintes.<br>Objectif : comprendre ce qui vous prend du temps, ce qui peut \u00eatre optimis\u00e9 et ce que vous souhaitez d\u00e9l\u00e9guer.<\/p>\n<\/div>\n<\/div>\n\n\n\n<div class=\"wp-block-group timeline-step has-global-padding is-layout-constrained wp-block-group-is-layout-constrained\" style=\"margin-top:0;padding-top:0;padding-bottom:0\">\n<div class=\"wp-block-group is-nowrap is-layout-flex wp-container-core-group-is-layout-6c531013 wp-block-group-is-layout-flex\">\n<div class=\"wp-block-group timeline-number has-global-padding is-layout-constrained wp-container-core-group-is-layout-be04af43 wp-block-group-is-layout-constrained\" style=\"margin-top:0;margin-bottom:0\">\n<p>3<\/p>\n<\/div>\n\n\n\n<h3 class=\"wp-block-heading has-text-align-center\" style=\"padding-top:var(--wp--preset--spacing--50);padding-right:0;padding-bottom:0\">Proposition d\u2019accompagnement sur mesure<\/h3>\n<\/div>\n\n\n\n<div class=\"wp-block-group timeline-content has-global-padding is-layout-constrained wp-block-group-is-layout-constrained\">\n<p style=\"padding-top:0;padding-bottom:0\">Je vous propose une solution adapt\u00e9e \u00e0 votre situation :<\/p>\n\n\n\n<ul class=\"wp-block-list is-style-checkmark-list\">\n<li>Intervention ponctuelle<\/li>\n\n\n\n<li>Pack d\u2019heures<\/li>\n\n\n\n<li>Forfait mensuel<\/li>\n\n\n\n<li>Accompagnement continu (plus global et strat\u00e9gique)<\/li>\n<\/ul>\n<\/div>\n<\/div>\n<\/div>\n<\/div>\n\n\n\n<div id=\"pourquoi\" class=\"wp-block-group why-choose has-global-padding is-layout-constrained wp-block-group-is-layout-constrained\" style=\"padding-top:var(--wp--preset--spacing--60)\">\n<h2 class=\"wp-block-heading has-text-align-center has-accent-1-color has-text-color has-link-color wp-elements-b6262a15fad0ac21626ccd0802f08c9e\">Pourquoi me choisir ?<\/h2>\n\n\n\n<div class=\"wp-block-group why-grid is-layout-grid wp-container-core-group-is-layout-3d4c37ba wp-block-group-is-layout-grid\" style=\"padding-right:0;padding-left:0\">\n<div class=\"wp-block-group why-card has-global-padding is-layout-constrained wp-block-group-is-layout-constrained\" style=\"box-shadow:var(--wp--preset--shadow--shadow-1)\">\n<h3 class=\"wp-block-heading has-text-align-center has-contrast-color has-text-color has-link-color wp-elements-778896d0f2351750f800740c560ea90c\">Une approche humaine et adapt\u00e9e<\/h3>\n\n\n\n<p class=\"has-text-align-center\">Je m\u2019ajuste \u00e0 votre r\u00e9alit\u00e9, votre rythme et vos contraintes. Une collaboration simple, fluide et sans jugement.<\/p>\n<\/div>\n\n\n\n<div class=\"wp-block-group why-card has-global-padding is-layout-constrained wp-block-group-is-layout-constrained\" style=\"box-shadow:var(--wp--preset--shadow--shadow-1)\">\n<h3 class=\"wp-block-heading has-text-align-center has-contrast-color has-text-color has-link-color wp-elements-442bd6fee9436f5dc5a1b48790450410\">Une organisation qui tient dans le temps<\/h3>\n\n\n\n<p class=\"has-text-align-center\">Je structure, j\u2019optimise et je simplifie pour vous faire gagner du temps, de la clart\u00e9 et de la s\u00e9r\u00e9nit\u00e9 durablement.<\/p>\n<\/div>\n\n\n\n<div class=\"wp-block-group why-card has-global-padding is-layout-constrained wp-block-group-is-layout-constrained\" style=\"box-shadow:var(--wp--preset--shadow--shadow-1)\">\n<h3 class=\"wp-block-heading has-text-align-center has-contrast-color has-text-color has-link-color wp-elements-a6dce383839aca3f35a588edc8608174\">Une partenaire fiable et proactive<\/h3>\n\n\n\n<p class=\"has-text-align-center\">Je s\u00e9curise votre administratif, j\u2019anticipe les besoins et je vous accompagne avec constance et discr\u00e9tion.<\/p>\n<\/div>\n\n\n\n<div class=\"wp-block-group why-card has-global-padding is-layout-constrained wp-block-group-is-layout-constrained\" style=\"box-shadow:var(--wp--preset--shadow--shadow-1)\">\n<h3 class=\"wp-block-heading has-text-align-center has-contrast-color has-text-color has-link-color wp-elements-19c9b8d15e96a6d473a04dd1fc52d7b5\">Sp\u00e9cialiste des artisans et petits entrepreneurs<\/h3>\n\n\n\n<p class=\"has-text-align-center\">Je connais vos journ\u00e9es qui d\u00e9bordent, vos urgences et vos contraintes terrain. Je vous aide \u00e0 retrouver du souffle et une organisation qui vous ressemble.<\/p>\n<\/div>\n<\/div>\n<\/div>\n\n\n\n<div id=\"contact\" class=\"wp-block-group contact-section has-global-padding is-layout-constrained wp-block-group-is-layout-constrained\" style=\"padding-top:0\">\n<h2 class=\"wp-block-heading has-text-align-center has-accent-1-color has-text-color has-link-color wp-elements-1fc3bbaf12dc5b21acbb8ca709fd2ee4\">Me contacter<\/h2>\n\n\n\n<p class=\"has-text-align-center\">Je vous r\u00e9ponds rapidement et avec attention.<br>Expliquez-moi votre situation, vos besoins, vos urgences : on avance ensemble.<\/p>\n\n\n\n<div class=\"wp-block-group is-content-justification-center is-nowrap is-layout-flex wp-container-core-group-is-layout-23441af8 wp-block-group-is-layout-flex\">\n<div class=\"wp-block-buttons is-layout-flex wp-block-buttons-is-layout-flex\">\n<div class=\"wp-block-button is-style-fill\"><a class=\"wp-block-button__link wp-element-button\" href=\"mailto:contact@aelys-digital.fr\" style=\"box-shadow:var(--wp--preset--shadow--shadow-1)\">Contacter par email<\/a><\/div>\n\n\n\n<div class=\"wp-block-button\"><a class=\"wp-block-button__link wp-element-button\" href=\"https:\/\/calendly.com\/christelle-rozanad\/30min\" style=\"box-shadow:var(--wp--preset--shadow--shadow-1)\" target=\"_blank\" rel=\"noopener\">Prendre un RDV<\/a><\/div>\n<\/div>\n<\/div>\n<\/div>\n<\/div>\n","protected":false},"excerpt":{"rendered":"<p>Qui suis-je ? Je m\u2019appelle Christelle, fondatrice d\u2019Aelys\u2011Digital.Avant d\u2019accompagner les artisans et petits entrepreneurs, j\u2019ai \u00e9t\u00e9 professeure des \u00e9coles, un m\u00e9tier o\u00f9 l\u2019organisation et la gestion du temps sont essentielles.Cette exp\u00e9rience m\u2019a appris \u00e0 structurer, anticiper et garder une vision claire, m\u00eame quand tout s\u2019acc\u00e9l\u00e8re.Aujourd\u2019hui, j\u2019utilise ces comp\u00e9tences pour vous aider \u00e0 reprendre le contr\u00f4le [&hellip;]<\/p>\n","protected":false},"author":1,"featured_media":0,"parent":0,"menu_order":0,"comment_status":"closed","ping_status":"closed","template":"","meta":{"footnotes":""},"class_list":["post-6","page","type-page","status-publish","hentry"],"_links":{"self":[{"href":"https:\/\/aelys-digital.fr\/index.php\/wp-json\/wp\/v2\/pages\/6","targetHints":{"allow":["GET"]}}],"collection":[{"href":"https:\/\/aelys-digital.fr\/index.php\/wp-json\/wp\/v2\/pages"}],"about":[{"href":"https:\/\/aelys-digital.fr\/index.php\/wp-json\/wp\/v2\/types\/page"}],"author":[{"embeddable":true,"href":"https:\/\/aelys-digital.fr\/index.php\/wp-json\/wp\/v2\/users\/1"}],"replies":[{"embeddable":true,"href":"https:\/\/aelys-digital.fr\/index.php\/wp-json\/wp\/v2\/comments?post=6"}],"version-history":[{"count":131,"href":"https:\/\/aelys-digital.fr\/index.php\/wp-json\/wp\/v2\/pages\/6\/revisions"}],"predecessor-version":[{"id":924,"href":"https:\/\/aelys-digital.fr\/index.php\/wp-json\/wp\/v2\/pages\/6\/revisions\/924"}],"wp:attachment":[{"href":"https:\/\/aelys-digital.fr\/index.php\/wp-json\/wp\/v2\/media?parent=6"}],"curies":[{"name":"wp","href":"https:\/\/api.w.org\/{rel}","templated":true}]}}